{"id":6,"date":"2021-04-01T14:04:00","date_gmt":"2021-04-01T14:04:00","guid":{"rendered":"https:\/\/audiolife.com.ar\/?page_id=6"},"modified":"2022-05-13T15:22:23","modified_gmt":"2022-05-13T15:22:23","slug":"6-2","status":"publish","type":"page","link":"https:\/\/audiolife.com.ar\/","title":{"rendered":"Home"},"content":{"rendered":"<p>[et_pb_section fb_built=\u00bb1&#8243; fullwidth=\u00bbon\u00bb admin_label=\u00bbSecci\u00f3n\u00bb _builder_version=\u00bb4.9.2&#8243; _module_preset=\u00bbdefault\u00bb][et_pb_fullwidth_slider show_arrows=\u00bbon\u00bb use_bg_overlay=\u00bboff\u00bb _builder_version=\u00bb4.9.2&#8243; _module_preset=\u00bbdefault\u00bb header_font=\u00bbNoto Sans||||||||\u00bb background_color=\u00bbrgba(48,45,42,0.47)\u00bb background_image=\u00bbhttps:\/\/audiolife.com.ar\/wp-content\/uploads\/2021\/05\/slide-1-audiolife.jpg\u00bb background_blend=\u00bbmultiply\u00bb custom_margin=\u00bb||66px||false|false\u00bb custom_padding=\u00bb||192px|||\u00bb auto=\u00bbon\u00bb auto_ignore_hover=\u00bbon\u00bb hover_transition_duration=\u00bb350ms\u00bb hover_transition_speed_curve=\u00bbease-in-out\u00bb border_style_all_image=\u00bbdashed\u00bb][et_pb_slide heading=\u00bbDIAGN\u00d3STICO.TECNOLOG\u00cdA.CUIDADO\u00bb _builder_version=\u00bb4.9.2&#8243; _module_preset=\u00bbdefault\u00bb header_font=\u00bbNoto Sans||||||||\u00bb header_text_align=\u00bbleft\u00bb header_font_size=\u00bb15px\u00bb header_letter_spacing=\u00bb12px\u00bb body_font=\u00bbNoto Sans||||||||\u00bb body_text_align=\u00bbleft\u00bb body_font_size=\u00bb135px\u00bb body_letter_spacing=\u00bb44px\u00bb body_line_height=\u00bb1.3em\u00bb custom_padding_tablet=\u00bb\u00bb custom_padding_phone=\u00bb59%||||false|false\u00bb custom_padding_last_edited=\u00bbon|phone\u00bb header_font_tablet=\u00bb\u00bb header_font_phone=\u00bb\u00bb header_font_last_edited=\u00bbon|phone\u00bb header_font_size_tablet=\u00bb\u00bb header_font_size_phone=\u00bb11px\u00bb header_font_size_last_edited=\u00bbon|phone\u00bb header_letter_spacing_tablet=\u00bb\u00bb header_letter_spacing_phone=\u00bb2px\u00bb header_letter_spacing_last_edited=\u00bbon|phone\u00bb body_font_size_tablet=\u00bb\u00bb body_font_size_phone=\u00bb56px\u00bb body_font_size_last_edited=\u00bbon|phone\u00bb body_letter_spacing_tablet=\u00bb\u00bb body_letter_spacing_phone=\u00bb24px\u00bb body_letter_spacing_last_edited=\u00bbon|phone\u00bb body_line_height_tablet=\u00bb\u00bb body_line_height_phone=\u00bb1.2em\u00bb body_line_height_last_edited=\u00bbon|phone\u00bb sticky_transition=\u00bbon\u00bb]<\/p>\n<p>O\u00cdR ES<br \/>VIVIR<\/p>\n<p>[\/et_pb_slide][et_pb_slide heading=\u00bbDIAGN\u00d3STICO.TECNOLOG\u00cdA.CUIDADO\u00bb _builder_version=\u00bb4.9.2&#8243; _module_preset=\u00bbdefault\u00bb header_font=\u00bbNoto Sans||||||||\u00bb header_text_align=\u00bbleft\u00bb header_font_size=\u00bb15px\u00bb header_letter_spacing=\u00bb12px\u00bb body_font=\u00bbNoto Sans||||||||\u00bb body_text_align=\u00bbleft\u00bb body_font_size=\u00bb135px\u00bb body_letter_spacing=\u00bb44px\u00bb body_line_height=\u00bb1.3em\u00bb background_enable_color=\u00bboff\u00bb background_image=\u00bbhttps:\/\/audiolife.com.ar\/wp-content\/uploads\/2021\/05\/slide-2-audiolife.jpg\u00bb background_enable_image=\u00bbon\u00bb custom_padding_tablet=\u00bb\u00bb custom_padding_phone=\u00bb59%||||false|false\u00bb custom_padding_last_edited=\u00bbon|phone\u00bb header_font_tablet=\u00bb\u00bb header_font_phone=\u00bb\u00bb header_font_last_edited=\u00bbon|phone\u00bb header_font_size_tablet=\u00bb\u00bb header_font_size_phone=\u00bb11px\u00bb header_font_size_last_edited=\u00bbon|phone\u00bb header_letter_spacing_tablet=\u00bb\u00bb header_letter_spacing_phone=\u00bb2px\u00bb header_letter_spacing_last_edited=\u00bbon|phone\u00bb body_font_size_tablet=\u00bb\u00bb body_font_size_phone=\u00bb56px\u00bb body_font_size_last_edited=\u00bbon|phone\u00bb body_letter_spacing_tablet=\u00bb\u00bb body_letter_spacing_phone=\u00bb24px\u00bb body_letter_spacing_last_edited=\u00bbon|phone\u00bb body_line_height_tablet=\u00bb\u00bb body_line_height_phone=\u00bb1.2em\u00bb body_line_height_last_edited=\u00bbon|phone\u00bb sticky_transition=\u00bbon\u00bb]<\/p>\n<p>O\u00cdR ES<br \/>VIVIR<\/p>\n<p>[\/et_pb_slide][\/et_pb_fullwidth_slider][\/et_pb_section][et_pb_section fb_built=\u00bb1&#8243; disabled_on=\u00bbon|off|off\u00bb admin_label=\u00bbSecci\u00f3n\u00bb _builder_version=\u00bb4.9.2&#8243; _module_preset=\u00bbdefault\u00bb background_color=\u00bbrgba(48,45,42,0.31)\u00bb custom_margin=\u00bb||-12px|||\u00bb custom_padding=\u00bb0px||0px|||\u00bb][et_pb_row column_structure=\u00bb1_3,1_3,1_3&#8243; make_equal=\u00bbon\u00bb _builder_version=\u00bb4.9.2&#8243; _module_preset=\u00bbdefault\u00bb width=\u00bb100%\u00bb min_height=\u00bb43px\u00bb custom_margin=\u00bb-8.7%|auto|-28px|auto|false|false\u00bb custom_padding=\u00bb9px||22px|||\u00bb][et_pb_column type=\u00bb1_3&#8243; _builder_version=\u00bb4.9.2&#8243; _module_preset=\u00bbdefault\u00bb][et_pb_text _builder_version=\u00bb4.9.2&#8243; _module_preset=\u00bbdefault\u00bb text_font=\u00bbNoto Serif||||||||\u00bb text_text_color=\u00bb#FFFFFF\u00bb text_font_size=\u00bb21px\u00bb width=\u00bb109.1%\u00bb custom_margin=\u00bb-25px|49px||-15.1%|false|false\u00bb custom_padding=\u00bb29px|7px|16px|99px|false|false\u00bb]<\/p>\n<p><span style=\"color: #ffffff;\">Tel\u00e9fono: 0351 8776465<\/span><\/p>\n<p>[\/et_pb_text][\/et_pb_column][et_pb_column type=\u00bb1_3&#8243; _builder_version=\u00bb4.9.2&#8243; _module_preset=\u00bbdefault\u00bb][et_pb_text _builder_version=\u00bb4.9.2&#8243; _module_preset=\u00bbdefault\u00bb text_font=\u00bbNoto Sans||||||||\u00bb text_text_color=\u00bb#FFFFFF\u00bb text_font_size=\u00bb21px\u00bb custom_margin=\u00bb-23px|-107px||-156px||\u00bb custom_padding=\u00bb27px|0px|2px|101px||\u00bb]<\/p>\n<p>Direcci\u00f3n: Jos\u00e9 Roque Funes 1901, C\u00f3rdoba.<\/p>\n<p>[\/et_pb_text][\/et_pb_column][et_pb_column type=\u00bb1_3&#8243; _builder_version=\u00bb4.9.2&#8243; _module_preset=\u00bbdefault\u00bb][et_pb_text _builder_version=\u00bb4.9.2&#8243; _module_preset=\u00bbdefault\u00bb text_font=\u00bbNoto Sans||||||||\u00bb text_text_color=\u00bb#FFFFFF\u00bb text_font_size=\u00bb21px\u00bb width=\u00bb100%\u00bb custom_margin=\u00bb-19px|-10px|23px|29.6%|false|false\u00bb custom_padding=\u00bb23px|0px|0px|0px|false|false\u00bb]<\/p>\n<p>Whatsapp: <span>3517663730<\/span><\/p>\n<p>[\/et_pb_text][\/et_pb_column][\/et_pb_row][\/et_pb_section][et_pb_section fb_built=\u00bb1&#8243; _builder_version=\u00bb4.9.2&#8243; _module_preset=\u00bbdefault\u00bb min_height=\u00bb618px\u00bb custom_margin=\u00bb||-189px|||\u00bb custom_padding=\u00bb0px|||||\u00bb][et_pb_row _builder_version=\u00bb4.9.2&#8243; _module_preset=\u00bbdefault\u00bb custom_margin=\u00bb-7px|auto||auto||\u00bb custom_padding=\u00bb33px|||||\u00bb][et_pb_column type=\u00bb4_4&#8243; _builder_version=\u00bb4.9.2&#8243; _module_preset=\u00bbdefault\u00bb][et_pb_text _builder_version=\u00bb4.9.2&#8243; _module_preset=\u00bbdefault\u00bb text_font=\u00bbNoto Sans|300|||||||\u00bb text_text_color=\u00bb#333333&#8243; text_font_size=\u00bb60px\u00bb text_letter_spacing=\u00bb11px\u00bb text_orientation=\u00bbcenter\u00bb module_alignment=\u00bbcenter\u00bb custom_margin=\u00bb94px||||false|false\u00bb custom_margin_tablet=\u00bb\u00bb custom_margin_phone=\u00bb10%||||false|false\u00bb custom_margin_last_edited=\u00bbon|phone\u00bb animation_style=\u00bbzoom\u00bb animation_direction=\u00bbbottom\u00bb text_font_size_tablet=\u00bb\u00bb text_font_size_phone=\u00bb39px\u00bb text_font_size_last_edited=\u00bbon|phone\u00bb text_letter_spacing_tablet=\u00bb\u00bb text_letter_spacing_phone=\u00bb1px\u00bb text_letter_spacing_last_edited=\u00bbon|phone\u00bb text_line_height_tablet=\u00bb\u00bb text_line_height_phone=\u00bb1.2em\u00bb text_line_height_last_edited=\u00bbon|phone\u00bb]<\/p>\n<p>CENTRO AUDIOL\u00d3GICO<\/p>\n<p>[\/et_pb_text][\/et_pb_column][\/et_pb_row][et_pb_row use_custom_gutter=\u00bbon\u00bb make_equal=\u00bbon\u00bb _builder_version=\u00bb4.9.2&#8243; _module_preset=\u00bbdefault\u00bb width=\u00bb100%\u00bb max_width=\u00bb872px\u00bb module_alignment=\u00bbcenter\u00bb][et_pb_column type=\u00bb4_4&#8243; _builder_version=\u00bb4.9.2&#8243; _module_preset=\u00bbdefault\u00bb][et_pb_text _builder_version=\u00bb4.9.2&#8243; _module_preset=\u00bbdefault\u00bb text_font=\u00bbAlice||||||||\u00bb text_font_size=\u00bb17px\u00bb text_orientation=\u00bbcenter\u00bb width=\u00bb90.5%\u00bb custom_padding=\u00bb|0px||4px||\u00bb animation_style=\u00bbfade\u00bb text_orientation_tablet=\u00bb\u00bb text_orientation_phone=\u00bbcenter\u00bb text_orientation_last_edited=\u00bbon|phone\u00bb module_alignment_tablet=\u00bb\u00bb module_alignment_phone=\u00bbcenter\u00bb module_alignment_last_edited=\u00bbon|phone\u00bb]<\/p>\n<p style=\"text-align: center;\"><span>Con responsabilidad y \u00e9tica acompa\u00f1amos a nuestros pacientes en el proceso de adaptaci\u00f3n prot\u00e9sica mediante el estudio detallado y profundo de cada caso cl\u00ednico con m\u00e9todos de exploraci\u00f3n diagn\u00f3stica y tratamientos espec\u00edficos orientados a la rehabilitaci\u00f3n y habilitaci\u00f3n auditiva.<\/span><\/p>\n<p>[\/et_pb_text][\/et_pb_column][\/et_pb_row][\/et_pb_section][et_pb_section fb_built=\u00bb1&#8243; _builder_version=\u00bb4.9.2&#8243; _module_preset=\u00bbdefault\u00bb custom_margin=\u00bb-38px||-36px|||\u00bb custom_padding=\u00bb17px|||||\u00bb][et_pb_row use_custom_gutter=\u00bbon\u00bb gutter_width=\u00bb4&#8243; make_equal=\u00bbon\u00bb _builder_version=\u00bb4.9.2&#8243; _module_preset=\u00bbdefault\u00bb width=\u00bb100%\u00bb max_width=\u00bb1008px\u00bb module_alignment=\u00bbleft\u00bb custom_padding=\u00bb0px|||||\u00bb hover_enabled=\u00bb0&#8243; sticky_enabled=\u00bb0&#8243;][et_pb_column type=\u00bb4_4&#8243; _builder_version=\u00bb4.9.2&#8243; _module_preset=\u00bbdefault\u00bb][et_pb_divider color=\u00bb#e30613&#8243; divider_style=\u00bbdashed\u00bb _builder_version=\u00bb4.9.2&#8243; _module_preset=\u00bbdefault\u00bb animation_style=\u00bbfade\u00bb hover_enabled=\u00bb0&#8243; sticky_enabled=\u00bb0&#8243;][\/et_pb_divider][\/et_pb_column][\/et_pb_row][\/et_pb_section][et_pb_section fb_built=\u00bb1&#8243; _builder_version=\u00bb4.9.2&#8243; _module_preset=\u00bbdefault\u00bb][et_pb_row _builder_version=\u00bb4.9.2&#8243; _module_preset=\u00bbdefault\u00bb custom_margin=\u00bb|auto|30px|auto||\u00bb custom_padding=\u00bb0px|||||\u00bb][et_pb_column type=\u00bb4_4&#8243; _builder_version=\u00bb4.9.2&#8243; _module_preset=\u00bbdefault\u00bb][et_pb_text _builder_version=\u00bb4.9.2&#8243; _module_preset=\u00bbdefault\u00bb text_font=\u00bbNoto Sans|300|||||||\u00bb text_text_color=\u00bb#333333&#8243; text_font_size=\u00bb60px\u00bb text_letter_spacing=\u00bb14px\u00bb text_line_height=\u00bb1.2em\u00bb text_orientation=\u00bbcenter\u00bb module_alignment=\u00bbcenter\u00bb custom_margin=\u00bb-39px||||false|false\u00bb animation_style=\u00bbzoom\u00bb animation_direction=\u00bbbottom\u00bb text_font_size_tablet=\u00bb\u00bb text_font_size_phone=\u00bb39px\u00bb text_font_size_last_edited=\u00bbon|phone\u00bb text_letter_spacing_tablet=\u00bb\u00bb text_letter_spacing_phone=\u00bb-1px\u00bb text_letter_spacing_last_edited=\u00bbon|phone\u00bb]<\/p>\n<p>NUESTRO<br \/>EQUIPAMIENTO<\/p>\n<p>[\/et_pb_text][et_pb_text _builder_version=\u00bb4.9.2&#8243; _module_preset=\u00bbdefault\u00bb text_font=\u00bbAlice||||||||\u00bb text_font_size=\u00bb17px\u00bb text_orientation=\u00bbcenter\u00bb width=\u00bb95%\u00bb custom_margin=\u00bb||52px|||\u00bb custom_padding=\u00bb|73px||77px||\u00bb custom_padding_tablet=\u00bb\u00bb custom_padding_phone=\u00bb|0px||0px|false|false\u00bb custom_padding_last_edited=\u00bbon|phone\u00bb animation_style=\u00bbfade\u00bb module_alignment_tablet=\u00bb\u00bb module_alignment_phone=\u00bbcenter\u00bb module_alignment_last_edited=\u00bbon|phone\u00bb]<\/p>\n<p><span>Durante m\u00e1s de 70 a\u00f1os, Resound\u00a0ha sido pionera en la creaci\u00f3n de soluciones auditivas innovadoras. Fabricamos los aud\u00edfonos y accesorios m\u00e1s inteligentes del mundo.<\/span><\/p>\n<p>[\/et_pb_text][et_pb_video src=\u00bbhttps:\/\/www.youtube.com\/watch?v=PMLWbijyMvA\u00bb _builder_version=\u00bb4.9.2&#8243; _module_preset=\u00bbdefault\u00bb width=\u00bb76%\u00bb width_tablet=\u00bb\u00bb width_phone=\u00bb100%\u00bb width_last_edited=\u00bbon|phone\u00bb module_alignment=\u00bbcenter\u00bb animation_style=\u00bbfade\u00bb animation_duration=\u00bb1450ms\u00bb module_alignment_tablet=\u00bb\u00bb module_alignment_phone=\u00bbcenter\u00bb module_alignment_last_edited=\u00bbon|phone\u00bb box_shadow_style=\u00bbpreset1&#8243; box_shadow_vertical=\u00bb10px\u00bb box_shadow_blur=\u00bb34px\u00bb][\/et_pb_video][et_pb_image src=\u00bbhttps:\/\/audiolife.com.ar\/wp-content\/uploads\/2021\/04\/ReSound_GN_Lozenge_RGB_150ppi_156x50.png\u00bb title_text=\u00bbReSound_GN_Lozenge_RGB_150ppi_156x50&#8243; url=\u00bbhttps:\/\/www.resound.com\/es-es\u00bb align=\u00bbcenter\u00bb _builder_version=\u00bb4.9.2&#8243; _module_preset=\u00bbdefault\u00bb animation_style=\u00bbslide\u00bb animation_direction=\u00bbtop\u00bb][\/et_pb_image][et_pb_button button_url=\u00bb\/index.php\/audifonos\/\u00bb button_text=\u00bbSABER M\u00c1S\u00bb button_alignment=\u00bbcenter\u00bb _builder_version=\u00bb4.9.2&#8243; _module_preset=\u00bbdefault\u00bb custom_button=\u00bbon\u00bb button_text_color=\u00bb#e30613&#8243; button_bg_color=\u00bbRGBA(0,0,0,0)\u00bb button_border_width=\u00bb0px\u00bb button_border_radius=\u00bb3px\u00bb button_letter_spacing=\u00bb3px\u00bb button_font=\u00bbNoto Sans|500|||||||\u00bb button_icon=\u00bb%%151%%\u00bb custom_margin=\u00bb||||false|false\u00bb custom_padding=\u00bb74px||||false|false\u00bb animation_style=\u00bbslide\u00bb custom_css_main_element=\u00bbbox-shadow: 0px 3px 0px 0px #e30814;\u00bb][\/et_pb_button][\/et_pb_column][\/et_pb_row][et_pb_row use_custom_gutter=\u00bbon\u00bb make_equal=\u00bbon\u00bb _builder_version=\u00bb4.9.2&#8243; _module_preset=\u00bbdefault\u00bb background_color=\u00bb#e30613&#8243; width=\u00bb55%\u00bb width_tablet=\u00bb\u00bb width_phone=\u00bb103%\u00bb width_last_edited=\u00bbon|phone\u00bb max_width_tablet=\u00bb\u00bb max_width_phone=\u00bb100%\u00bb max_width_last_edited=\u00bbon|phone\u00bb module_alignment=\u00bbcenter\u00bb custom_margin=\u00bb|351px||351px|false|true\u00bb custom_margin_tablet=\u00bb\u00bb custom_margin_phone=\u00bb|0px||0px|false|false\u00bb custom_margin_last_edited=\u00bbon|phone\u00bb custom_padding=\u00bb||||false|false\u00bb animation_style=\u00bbslide\u00bb animation_direction=\u00bbleft\u00bb module_alignment_tablet=\u00bb\u00bb module_alignment_phone=\u00bbcenter\u00bb module_alignment_last_edited=\u00bbon|phone\u00bb box_shadow_style=\u00bbpreset1&#8243; box_shadow_vertical=\u00bb1px\u00bb box_shadow_blur=\u00bb16px\u00bb][et_pb_column type=\u00bb4_4&#8243; _builder_version=\u00bb4.9.2&#8243; _module_preset=\u00bbdefault\u00bb][et_pb_text _builder_version=\u00bb4.9.2&#8243; _module_preset=\u00bbdefault\u00bb text_font=\u00bbNoto Sans|700|||||||\u00bb text_text_color=\u00bb#FFFFFF\u00bb text_font_size=\u00bb26px\u00bb text_letter_spacing=\u00bb1px\u00bb text_orientation=\u00bbcenter\u00bb custom_margin=\u00bb5px|||||\u00bb]<\/p>\n<p><strong>AUDI\u00d3LOGA REPRESENTANTE<\/strong><strong><\/strong><strong><\/strong><\/p>\n<p>[\/et_pb_text][et_pb_text _builder_version=\u00bb4.9.2&#8243; _module_preset=\u00bbdefault\u00bb text_font=\u00bbNoto Sans|700|||||||\u00bb text_text_color=\u00bb#FFFFFF\u00bb text_font_size=\u00bb21px\u00bb]<\/p>\n<p style=\"text-align: center;\"><strong>Lic. Nobile Valeria Melisa<\/strong><\/p>\n<p>[\/et_pb_text][et_pb_text _builder_version=\u00bb4.9.2&#8243; _module_preset=\u00bbdefault\u00bb text_font=\u00bbAlice||||||||\u00bb text_text_color=\u00bb#FFFFFF\u00bb text_font_size=\u00bb21px\u00bb text_orientation=\u00bbcenter\u00bb width_tablet=\u00bb\u00bb width_phone=\u00bb97%\u00bb width_last_edited=\u00bbon|phone\u00bb max_width_tablet=\u00bb\u00bb max_width_phone=\u00bb100%\u00bb max_width_last_edited=\u00bbon|phone\u00bb custom_margin=\u00bb-10px|||||\u00bb custom_padding=\u00bb0px|||||\u00bb module_alignment_tablet=\u00bb\u00bb module_alignment_phone=\u00bbcenter\u00bb module_alignment_last_edited=\u00bbon|phone\u00bb]<\/p>\n<p><span>Cuenta con m\u00e1s de 14 a\u00f1os de experiencia como audi\u00f3loga. Realiza el diagn\u00f3stico y el acompa\u00f1amiento a pacientes durante el proceso de rehabilitaci\u00f3n y la selecci\u00f3n t\u00e9cnica de aud\u00edfonos<\/span>.<\/p>\n<p>&nbsp;<\/p>\n<p>[\/et_pb_text][\/et_pb_column][\/et_pb_row][\/et_pb_section][et_pb_section fb_built=\u00bb1&#8243; _builder_version=\u00bb4.9.2&#8243; _module_preset=\u00bbdefault\u00bb][et_pb_row _builder_version=\u00bb4.9.2&#8243; _module_preset=\u00bbdefault\u00bb][et_pb_column type=\u00bb4_4&#8243; _builder_version=\u00bb4.9.2&#8243; _module_preset=\u00bbdefault\u00bb][et_pb_text _builder_version=\u00bb4.9.2&#8243; _module_preset=\u00bbdefault\u00bb text_font=\u00bbNoto Sans|300|||||||\u00bb text_text_color=\u00bb#333333&#8243; text_font_size=\u00bb60px\u00bb text_letter_spacing=\u00bb14px\u00bb text_line_height=\u00bb1.2em\u00bb text_orientation=\u00bbcenter\u00bb module_alignment=\u00bbcenter\u00bb custom_margin=\u00bb-39px||||false|false\u00bb animation_style=\u00bbzoom\u00bb animation_direction=\u00bbbottom\u00bb text_font_size_tablet=\u00bb\u00bb text_font_size_phone=\u00bb40px\u00bb text_font_size_last_edited=\u00bbon|phone\u00bb text_letter_spacing_tablet=\u00bb\u00bb text_letter_spacing_phone=\u00bb3px\u00bb text_letter_spacing_last_edited=\u00bbon|phone\u00bb]<\/p>\n<p>NUESTROS SERVICIOS<\/p>\n<p>[\/et_pb_text][\/et_pb_column][\/et_pb_row][et_pb_row column_structure=\u00bb1_3,1_3,1_3&#8243; use_custom_gutter=\u00bbon\u00bb gutter_width=\u00bb2&#8243; make_equal=\u00bbon\u00bb admin_label=\u00bbFila\u00bb _builder_version=\u00bb4.9.2&#8243; _module_preset=\u00bbdefault\u00bb custom_margin=\u00bb35px|auto||auto|false|false\u00bb][et_pb_column type=\u00bb1_3&#8243; _builder_version=\u00bb4.9.2&#8243; _module_preset=\u00bbdefault\u00bb background_color=\u00bb#FFFFFF\u00bb custom_padding=\u00bb30px|30px|30px|30px|true|true\u00bb animation_style=\u00bbbounce\u00bb animation_direction=\u00bbleft\u00bb border_radii=\u00bbon|4px|4px|4px|4px\u00bb box_shadow_style=\u00bbpreset1&#8243; box_shadow_color=\u00bbrgba(51,51,51,0.5)\u00bb][et_pb_blurb title=\u00bbDIAGN\u00d3STICO AUDITIVO\u00bb use_icon=\u00bbon\u00bb font_icon=\u00bb%%147%%\u00bb icon_color=\u00bb#FFFFFF\u00bb use_circle=\u00bbon\u00bb circle_color=\u00bbrgba(48,45,42,0.92)\u00bb use_icon_font_size=\u00bbon\u00bb icon_font_size=\u00bb49px\u00bb _builder_version=\u00bb4.9.2&#8243; _module_preset=\u00bbdefault\u00bb header_level=\u00bbh1&#8243; header_font=\u00bbNoto Sans||||||||\u00bb header_font_size=\u00bb30px\u00bb header_letter_spacing=\u00bb1px\u00bb header_line_height=\u00bb1.1em\u00bb body_font=\u00bbAlice||||||||\u00bb body_text_align=\u00bbcenter\u00bb body_font_size=\u00bb18px\u00bb body_line_height=\u00bb1.4em\u00bb text_orientation=\u00bbcenter\u00bb]<\/p>\n<p><span>Son las pruebas audiol\u00f3gicas que el especialista Otorrinolaring\u00f3logo solicita al paciente para valorar su capacidad auditiva. Audiometr\u00eda tonal, Logoaudiometria, impedanciometria, otoemisines ac\u00fasticas, prueba supraliminares, acufenometrias y audiometr\u00edas por campo libre.<\/span><\/p>\n<p>[\/et_pb_blurb][\/et_pb_column][et_pb_column type=\u00bb1_3&#8243; _builder_version=\u00bb4.9.2&#8243; _module_preset=\u00bbdefault\u00bb background_color=\u00bb#FFFFFF\u00bb transform_scale=\u00bb110%|110%\u00bb custom_padding=\u00bb30px|30px|30px|30px|true|true\u00bb custom_padding_tablet=\u00bb\u00bb custom_padding_phone=\u00bb30px|30px|30px|30px|true|true\u00bb custom_padding_last_edited=\u00bbon|phone\u00bb animation_style=\u00bbslide\u00bb animation_direction=\u00bbtop\u00bb border_radii=\u00bbon|4px|4px|4px|4px\u00bb box_shadow_style=\u00bbpreset1&#8243; box_shadow_color=\u00bbrgba(48,45,42,0.61)\u00bb][et_pb_blurb title=\u00bbSELECCI\u00d3N Y ELECCI\u00d3N DE EQUIPAMIENTO\u00bb use_icon=\u00bbon\u00bb font_icon=\u00bb%%173%%\u00bb icon_color=\u00bb#FFFFFF\u00bb use_circle=\u00bbon\u00bb circle_color=\u00bbrgba(227,6,19,0.76)\u00bb use_icon_font_size=\u00bbon\u00bb icon_font_size=\u00bb49px\u00bb _builder_version=\u00bb4.9.2&#8243; _module_preset=\u00bbdefault\u00bb header_level=\u00bbh1&#8243; header_font=\u00bbNoto Sans||||||||\u00bb header_font_size=\u00bb30px\u00bb header_letter_spacing=\u00bb1px\u00bb header_line_height=\u00bb1.1em\u00bb body_font=\u00bbAlice||||||||\u00bb body_text_align=\u00bbcenter\u00bb body_font_size=\u00bb18px\u00bb body_line_height=\u00bb1.4em\u00bb text_orientation=\u00bbcenter\u00bb custom_margin=\u00bb1px|||||\u00bb]<\/p>\n<p><span>Ayudar a elegir al paciente el aud\u00edfono m\u00e1s adecuado para su necesidad teniendo en cuenta el grado y tipo de p\u00e9rdida auditiva, estilo de vida , necesidades personales.<\/span><\/p>\n<p>[\/et_pb_blurb][\/et_pb_column][et_pb_column type=\u00bb1_3&#8243; _builder_version=\u00bb4.9.2&#8243; _module_preset=\u00bbdefault\u00bb background_color=\u00bb#FFFFFF\u00bb custom_padding=\u00bb30px|30px|30px|30px|true|true\u00bb animation_style=\u00bbbounce\u00bb animation_direction=\u00bbright\u00bb border_radii=\u00bbon|4px|4px|4px|4px\u00bb box_shadow_style=\u00bbpreset1&#8243; box_shadow_color=\u00bbrgba(48,45,42,0.26)\u00bb][et_pb_blurb title=\u00bbCONTROL Y CALIBRACI\u00d3N\u00bb use_icon=\u00bbon\u00bb font_icon=\u00bb%%70%%\u00bb icon_color=\u00bb#FFFFFF\u00bb use_circle=\u00bbon\u00bb circle_color=\u00bbrgba(48,45,42,0.92)\u00bb use_icon_font_size=\u00bbon\u00bb icon_font_size=\u00bb49px\u00bb _builder_version=\u00bb4.9.2&#8243; _module_preset=\u00bbdefault\u00bb header_level=\u00bbh1&#8243; header_font=\u00bbNoto Sans||||||||\u00bb header_font_size=\u00bb30px\u00bb header_letter_spacing=\u00bb1px\u00bb body_font=\u00bbAlice||||||||\u00bb body_text_align=\u00bbcenter\u00bb body_font_size=\u00bb18px\u00bb body_line_height=\u00bb1.4em\u00bb text_orientation=\u00bbcenter\u00bb]<\/p>\n<p><span>Una vez seleccionado el aud\u00edfono calibramos el mismo para lograr la mayor calidad auditiva y confort del paciente. Gracias a nuestra tecnolog\u00eda nos permite realizar las mismas desde nuestro consultorio junto al paciente o en forma remota a trav\u00e9s de nuestras plataformas virtuales de calibraci\u00f3n llegando al usuario donde el mismo se encuentre.<\/span><\/p>\n<p>[\/et_pb_blurb][\/et_pb_column][\/et_pb_row][et_pb_row _builder_version=\u00bb4.9.2&#8243; _module_preset=\u00bbdefault\u00bb][et_pb_column type=\u00bb4_4&#8243; _builder_version=\u00bb4.9.2&#8243; _module_preset=\u00bbdefault\u00bb][et_pb_button button_url=\u00bb\/index.php\/servicios\/\u00bb button_text=\u00bbM\u00c1S INFORMACI\u00d3N\u00bb button_alignment=\u00bbcenter\u00bb _builder_version=\u00bb4.9.2&#8243; _module_preset=\u00bbdefault\u00bb custom_button=\u00bbon\u00bb button_text_color=\u00bb#e30613&#8243; button_bg_color=\u00bbRGBA(0,0,0,0)\u00bb button_border_width=\u00bb0px\u00bb button_border_radius=\u00bb3px\u00bb button_letter_spacing=\u00bb3px\u00bb button_font=\u00bbNoto Sans|500|||||||\u00bb button_icon=\u00bb%%151%%\u00bb custom_margin=\u00bb||||false|false\u00bb custom_padding=\u00bb43px||||false|false\u00bb animation_style=\u00bbslide\u00bb custom_css_main_element=\u00bbbox-shadow: 0px 3px 0px 0px #e30814;\u00bb][\/et_pb_button][\/et_pb_column][\/et_pb_row][\/et_pb_section]<\/p>\n","protected":false},"excerpt":{"rendered":"<p>[et_pb_section fb_built=\u00bb1&#8243; fullwidth=\u00bbon\u00bb admin_label=\u00bbSecci\u00f3n\u00bb _builder_version=\u00bb4.9.2&#8243; _module_preset=\u00bbdefault\u00bb][et_pb_fullwidth_slider show_arrows=\u00bbon\u00bb use_bg_overlay=\u00bboff\u00bb _builder_version=\u00bb4.9.2&#8243; _module_preset=\u00bbdefault\u00bb header_font=\u00bbNoto Sans||||||||\u00bb background_color=\u00bbrgba(48,45,42,0.47)\u00bb background_image=\u00bbhttps:\/\/audiolife.com.ar\/wp-content\/uploads\/2021\/05\/slide-1-audiolife.jpg\u00bb background_blend=\u00bbmultiply\u00bb custom_margin=\u00bb||66px||false|false\u00bb custom_padding=\u00bb||192px|||\u00bb auto=\u00bbon\u00bb auto_ignore_hover=\u00bbon\u00bb hover_transition_duration=\u00bb350ms\u00bb hover_transition_speed_curve=\u00bbease-in-out\u00bb border_style_all_image=\u00bbdashed\u00bb][et_pb_slide heading=\u00bbDIAGN\u00d3STICO.TECNOLOG\u00cdA.CUIDADO\u00bb _builder_version=\u00bb4.9.2&#8243; _module_preset=\u00bbdefault\u00bb header_font=\u00bbNoto Sans||||||||\u00bb header_text_align=\u00bbleft\u00bb header_font_size=\u00bb15px\u00bb header_letter_spacing=\u00bb12px\u00bb body_font=\u00bbNoto Sans||||||||\u00bb body_text_align=\u00bbleft\u00bb body_font_size=\u00bb135px\u00bb body_letter_spacing=\u00bb44px\u00bb body_line_height=\u00bb1.3em\u00bb custom_padding_tablet=\u00bb\u00bb custom_padding_phone=\u00bb59%||||false|false\u00bb custom_padding_last_edited=\u00bbon|phone\u00bb header_font_tablet=\u00bb\u00bb header_font_phone=\u00bb\u00bb header_font_last_edited=\u00bbon|phone\u00bb header_font_size_tablet=\u00bb\u00bb header_font_size_phone=\u00bb11px\u00bb header_font_size_last_edited=\u00bbon|phone\u00bb header_letter_spacing_tablet=\u00bb\u00bb header_letter_spacing_phone=\u00bb2px\u00bb header_letter_spacing_last_edited=\u00bbon|phone\u00bb body_font_size_tablet=\u00bb\u00bb body_font_size_phone=\u00bb56px\u00bb body_font_size_last_edited=\u00bbon|phone\u00bb body_letter_spacing_tablet=\u00bb\u00bb body_letter_spacing_phone=\u00bb24px\u00bb body_letter_spacing_last_edited=\u00bbon|phone\u00bb body_line_height_tablet=\u00bb\u00bb [&hellip;]<\/p>\n","protected":false},"author":1,"featured_media":0,"parent":0,"menu_order":0,"comment_status":"closed","ping_status":"closed","template":"","meta":{"_et_pb_use_builder":"on","_et_pb_old_content":"","_et_gb_content_width":"","footnotes":""},"class_list":["post-6","page","type-page","status-publish","hentry"],"yoast_head":"<!-- This site is optimized with the Yoast SEO plugin v16.2 - https:\/\/yoast.com\/wordpress\/plugins\/seo\/ -->\n<title>Aud\u00edfonos en AUDIOLIFE | Revisi\u00f3n y atenci\u00f3n personalizada<\/title>\n<meta name=\"description\" content=\"Descubra aud\u00edfonos. Pru\u00e9belos gratis en centros auditivos AUDIOLIFE. Soluciones tecnol\u00f3gicas m\u00e1s avanzadas para una audici\u00f3n personalizada.\" \/>\n<meta name=\"robots\" content=\"index, follow, max-snippet:-1, max-image-preview:large, max-video-preview:-1\" \/>\n<link rel=\"canonical\" href=\"https:\/\/audiolife.com.ar\/\" \/>\n<meta property=\"og:locale\" content=\"es_ES\" \/>\n<meta property=\"og:type\" content=\"article\" \/>\n<meta property=\"og:title\" content=\"Aud\u00edfonos en AUDIOLIFE | Revisi\u00f3n y atenci\u00f3n personalizada\" \/>\n<meta property=\"og:description\" content=\"Descubra aud\u00edfonos. Pru\u00e9belos gratis en centros auditivos AUDIOLIFE. Soluciones tecnol\u00f3gicas m\u00e1s avanzadas para una audici\u00f3n personalizada.\" \/>\n<meta property=\"og:url\" content=\"https:\/\/audiolife.com.ar\/\" \/>\n<meta property=\"og:site_name\" content=\"AudioLife\" \/>\n<meta property=\"article:modified_time\" content=\"2022-05-13T15:22:23+00:00\" \/>\n<meta name=\"twitter:card\" content=\"summary_large_image\" \/>\n<meta name=\"twitter:label1\" content=\"Tiempo de lectura\">\n\t<meta name=\"twitter:data1\" content=\"4 minutos\">\n<script type=\"application\/ld+json\" class=\"yoast-schema-graph\">{\"@context\":\"https:\/\/schema.org\",\"@graph\":[{\"@type\":\"Organization\",\"@id\":\"https:\/\/audiolife.com.ar\/#organization\",\"name\":\"AudioLife\",\"url\":\"https:\/\/audiolife.com.ar\/\",\"sameAs\":[\"https:\/\/www.instagram.com\/audiolife.audifonos\/\"],\"logo\":{\"@type\":\"ImageObject\",\"@id\":\"https:\/\/audiolife.com.ar\/#logo\",\"inLanguage\":\"es\",\"url\":\"https:\/\/audiolife.com.ar\/wp-content\/uploads\/2021\/04\/audiolife-logotrans-02.png\",\"contentUrl\":\"https:\/\/audiolife.com.ar\/wp-content\/uploads\/2021\/04\/audiolife-logotrans-02.png\",\"width\":222,\"height\":67,\"caption\":\"AudioLife\"},\"image\":{\"@id\":\"https:\/\/audiolife.com.ar\/#logo\"}},{\"@type\":\"WebSite\",\"@id\":\"https:\/\/audiolife.com.ar\/#website\",\"url\":\"https:\/\/audiolife.com.ar\/\",\"name\":\"AudioLife\",\"description\":\"Oir es Vivir\",\"publisher\":{\"@id\":\"https:\/\/audiolife.com.ar\/#organization\"},\"potentialAction\":[{\"@type\":\"SearchAction\",\"target\":\"https:\/\/audiolife.com.ar\/?s={search_term_string}\",\"query-input\":\"required name=search_term_string\"}],\"inLanguage\":\"es\"},{\"@type\":\"WebPage\",\"@id\":\"https:\/\/audiolife.com.ar\/#webpage\",\"url\":\"https:\/\/audiolife.com.ar\/\",\"name\":\"Aud\\u00edfonos en AUDIOLIFE | Revisi\\u00f3n y atenci\\u00f3n personalizada\",\"isPartOf\":{\"@id\":\"https:\/\/audiolife.com.ar\/#website\"},\"datePublished\":\"2021-04-01T14:04:00+00:00\",\"dateModified\":\"2022-05-13T15:22:23+00:00\",\"description\":\"Descubra aud\\u00edfonos. Pru\\u00e9belos gratis en centros auditivos AUDIOLIFE. Soluciones tecnol\\u00f3gicas m\\u00e1s avanzadas para una audici\\u00f3n personalizada.\",\"breadcrumb\":{\"@id\":\"https:\/\/audiolife.com.ar\/#breadcrumb\"},\"inLanguage\":\"es\",\"potentialAction\":[{\"@type\":\"ReadAction\",\"target\":[\"https:\/\/audiolife.com.ar\/\"]}]},{\"@type\":\"BreadcrumbList\",\"@id\":\"https:\/\/audiolife.com.ar\/#breadcrumb\",\"itemListElement\":[{\"@type\":\"ListItem\",\"position\":1,\"item\":{\"@type\":\"WebPage\",\"@id\":\"https:\/\/audiolife.com.ar\/\",\"url\":\"https:\/\/audiolife.com.ar\/\",\"name\":\"Portada\"}},{\"@type\":\"ListItem\",\"position\":2,\"item\":{\"@id\":\"https:\/\/audiolife.com.ar\/#webpage\"}}]}]}<\/script>\n<!-- \/ Yoast SEO plugin. -->","_links":{"self":[{"href":"https:\/\/audiolife.com.ar\/index.php\/wp-json\/wp\/v2\/pages\/6","targetHints":{"allow":["GET"]}}],"collection":[{"href":"https:\/\/audiolife.com.ar\/index.php\/wp-json\/wp\/v2\/pages"}],"about":[{"href":"https:\/\/audiolife.com.ar\/index.php\/wp-json\/wp\/v2\/types\/page"}],"author":[{"embeddable":true,"href":"https:\/\/audiolife.com.ar\/index.php\/wp-json\/wp\/v2\/users\/1"}],"replies":[{"embeddable":true,"href":"https:\/\/audiolife.com.ar\/index.php\/wp-json\/wp\/v2\/comments?post=6"}],"version-history":[{"count":130,"href":"https:\/\/audiolife.com.ar\/index.php\/wp-json\/wp\/v2\/pages\/6\/revisions"}],"predecessor-version":[{"id":1082,"href":"https:\/\/audiolife.com.ar\/index.php\/wp-json\/wp\/v2\/pages\/6\/revisions\/1082"}],"wp:attachment":[{"href":"https:\/\/audiolife.com.ar\/index.php\/wp-json\/wp\/v2\/media?parent=6"}],"curies":[{"name":"wp","href":"https:\/\/api.w.org\/{rel}","templated":true}]}}